{"id":19731,"date":"2019-05-18T18:57:52","date_gmt":"2019-05-18T16:57:52","guid":{"rendered":"http:\/\/www.polyequipements.com\/?page_id=19731"},"modified":"2022-10-03T16:19:08","modified_gmt":"2022-10-03T14:19:08","slug":"conditions-generales-de-location","status":"publish","type":"page","link":"https:\/\/www.sp-equipements.com\/site\/conditions-generales-de-location\/","title":{"rendered":"Conditions g\u00e9n\u00e9rales de location"},"content":{"rendered":"<div class=\"fusion-fullwidth fullwidth-box nonhundred-percent-fullwidth non-hundred-percent-height-scrolling\"  style='background-color: #ffffff;background-position: center center;background-repeat: no-repeat;padding-top:0px;padding-right:0px;padding-bottom:0px;padding-left:0px;'><div class=\"fusion-builder-row fusion-row \"><div  class=\"fusion-layout-column fusion_builder_column fusion_builder_column_1_1 fusion-builder-column-1 fusion-one-full fusion-column-first fusion-column-last 1_1\"  style='margin-top:0px;margin-bottom:0px;'>\n\t\t\t\t\t<div class=\"fusion-column-wrapper\" style=\"padding: 0px 0px 0px 0px;background-position:left top;background-repeat:no-repeat;-webkit-background-size:cover;-moz-background-size:cover;-o-background-size:cover;background-size:cover;\"   data-bg-url=\"\">\n\t\t\t\t\t\t<div class=\"fusion-text\"><div id=\"principal\">\n<div id=\"contener\">\n<div class=\"condi\">\n<h1 class=\"c\"><span style=\"text-decoration: underline; color: #2081b5;\">CONDITIONS GENERALES DE LOCATION<\/span><\/h1>\n<h2 class=\"condi\"><span style=\"color: #2081b5;\">COMMANDE<\/span><\/h2>\n<p>1- Toute commande doit \u00eatre pass\u00e9 par \u00e9crit (bon de commande ou bon pour accord sur devis) et accompagn\u00e9 d&rsquo;un ch\u00e8que d&rsquo;acompte, sauf convention particuli\u00e8res contraires (paiement par mandat pour les administrations,.).<\/p>\n<p>2- Nos conditions g\u00e9n\u00e9rales se substituent \u00e0 toutes clauses contraires et, notamment, aux conditions g\u00e9n\u00e9rales du \u00ab client \u00bb auxquelles celui-ci renonce express\u00e9ment \u00e0 ce pr\u00e9valoir.<\/p>\n<h2 class=\"condi\"><span style=\"color: #2081b5;\">RESPONSABILITE ET PRISE EN CHARGE DU MATERIEL<\/span><\/h2>\n<h3><strong>Du loueur<\/strong><\/h3>\n<p>1- Sauf cas de force majeure, temp\u00eate ou fait d&rsquo;autrui, nous garantissons la livraison ou le montage du mat\u00e9riel \u00e0 la date conventionnellement pr\u00e9vue.<\/p>\n<p>En cas de force majeure, temp\u00eate, fait d&rsquo;autrui, gr\u00e8ve, rendant impossible l&rsquo;acheminement ou la mise en place du mat\u00e9riel, et de ce fait l&rsquo;ex\u00e9cution du contrat, les acomptes seront restitu\u00e9s par le loueur sans donner lieu \u00e0 des dommage-int\u00e9r\u00eats.<\/p>\n<p>2- Le mat\u00e9riel remis est en parfait \u00e9tat de fonctionnement, ayant \u00e9t\u00e9 contr\u00f4l\u00e9 avant la livraison. En cas de d\u00e9fectuosit\u00e9 du mat\u00e9riel intervenue au d\u00e9but de la location ou au cour de celle-ci, nous nous engageons \u00e0 remplacer imm\u00e9diatement, dans la mesure des disponibilit\u00e9s, le mat\u00e9riel incrimin\u00e9.<\/p>\n<p>3- Notre mat\u00e9riel est conforme aux normes CTS.<\/p>\n<h3><strong>Du locataire<\/strong><\/h3>\n<p>1- La responsabilit\u00e9 et la garde mat\u00e9rielle et juridique du mat\u00e9riel lou\u00e9 sont transf\u00e9r\u00e9s lors de leur mise \u00e0 disposition. Le client donneur d&rsquo;ordre assume cette garde sous son enti\u00e8re et seule responsabilit\u00e9. Pendant toute la dur\u00e9e de mise \u00e0 disposition, le locataire est tenu de prot\u00e9ger le mat\u00e9riel contre toute d\u00e9gradation.<\/p>\n<p>2- Le locataire s&rsquo;engage \u00e0 utiliser le mat\u00e9riel lou\u00e9 conform\u00e9ment \u00e0 sa destination usuelle et \u00e0 ne rien faire ou laisser faire qui puisse les d\u00e9t\u00e9riorer. Il certifie \u00eatre apte \u00e0 utiliser le mat\u00e9riel lou\u00e9, lui-m\u00eame ou par l&rsquo;interm\u00e9diaire de habilit\u00e9es et qualifi\u00e9es.<\/p>\n<p>2- Il est obligatoire de nous avertir imm\u00e9diatement de tous les incidents survenus \u00e9ventuellement au mat\u00e9riel au cour de la location, et ce dans les 24h suivant le sinistre. Cette information doit se faire par t\u00e9l\u00e9phone, e-mail, ou fax, avec confirmation \u00e9crite, au plus tard au moment de la restitution du mat\u00e9riel.<\/p>\n<p>3- Le client donneur d&rsquo;ordre doit \u00eatre pr\u00e9sent lors de la livraison et de la restitution du mat\u00e9riel. Il reconna\u00eet recevoir le mat\u00e9riel en bon \u00e9tat, apte au fonctionnement et en r\u00e8gle avec les normes d&rsquo;hygi\u00e8nes et de s\u00e9curit\u00e9 en vigueur. Dans le cas ou le bon de livraison n&rsquo;a pas \u00e9t\u00e9 sign\u00e9 par le client, le transfert de responsabilit\u00e9 prendra effet \u00e0 compter du d\u00e9p\u00f4t du mat\u00e9riel \u00e0 la date et heure pr\u00e9vue sur les lieux d&rsquo;ex\u00e9cution du contrat.<\/p>\n<p>Nous nous r\u00e9servons 48 heures pour v\u00e9rifier l&rsquo;\u00e9tat du mat\u00e9riel rendu afin de pouvoir en contester la juste r\u00e9ception.<\/p>\n<p>4- Le locataire doit souscrire sa propre assurance pour garantir en sa qualit\u00e9 de locataire exploitant, sa responsabilit\u00e9 tant \u00e0 l&rsquo;\u00e9gard du public que du mat\u00e9riel pendant la dur\u00e9e de la location.<\/p>\n<h2 class=\"condi\"><span style=\"color: #2081b5;\">ANNULATION<\/span><\/h2>\n<p>1- L&rsquo;annulation d&rsquo;une commande fera l&rsquo;objet d&rsquo;une facturation \u00e9quivalente \u00e0 moiti\u00e9 au moins du montant de la commande, sans jamais \u00eatre inf\u00e9rieure aux frais d\u00e9j\u00e0 engag\u00e9s au moment de l&rsquo;annulation, ou de la totalit\u00e9 si celle-ci intervient moins de 5 jours avant la sortie du mat\u00e9riel.<\/p>\n<h2 class=\"condi\"><span style=\"color: #2081b5;\">TRANSPORT<\/span><\/h2>\n<p>1- Le tarif sera appliqu\u00e9 pour la livraison et la reprise selon le bar\u00e8me en vigueur. Toute manutention non pr\u00e9vue au devis initial fera l&rsquo;objet d&rsquo;une facturation suppl\u00e9mentaire.<\/p>\n<h2 class=\"condi\"><span style=\"color: #2081b5;\">GARANTIE<\/span><\/h2>\n<p>1- Pour toute commande, un ch\u00e8que de caution de la valeur r\u00e9elle du mat\u00e9riel lou\u00e9 est demand\u00e9 au client (sauf conventions particuli\u00e8res compl\u00e8tes). Il ne lui sera retourn\u00e9 qu&rsquo;apr\u00e8s restitution du mat\u00e9riel et paiement de la prestation.<\/p>\n<p>2- Le mat\u00e9riel manquant ou cass\u00e9, sera factur\u00e9 au client au tarif en vigueur.<\/p>\n<h2 class=\"condi\"><span style=\"color: #2081b5;\">PAIEMENT<\/span><\/h2>\n<p>1- Les prix indiqu\u00e9s s&rsquo;entendent hors taxes et sont bas\u00e9s sur le tarif en vigueur le jour des r\u00e9servations, et la TVA est appliqu\u00e9e au taux normal en vigueur.<\/p>\n<p>2- Toute facture est payable d\u00e8s r\u00e9ception. La location est due que le mat\u00e9riel soit utilis\u00e9 ou non. Tout d\u00e9placement suppl\u00e9mentaire pour livraison ou reprise est \u00e0 la charge du client.<\/p>\n<\/div>\n<\/div>\n<\/div>\n<\/div><div class=\"fusion-clearfix\"><\/div>\n\n\t\t\t\t\t<\/div>\n\t\t\t\t<\/div><\/div><\/div>\n","protected":false},"excerpt":{"rendered":"","protected":false},"author":1,"featured_media":0,"parent":0,"menu_order":0,"comment_status":"closed","ping_status":"closed","template":"","meta":{"footnotes":""},"yoast_head":"<!-- This site is optimized with the Yoast SEO plugin v22.2 - https:\/\/yoast.com\/wordpress\/plugins\/seo\/ -->\n<title>Conditions g\u00e9n\u00e9rales de location - SP \u00c9quipements<\/title>\n<meta name=\"description\" content=\"Consultez nos conditions g\u00e9n\u00e9rales de location afin d&#039;obtenir plus d&#039;informations sur la location des \u00e9quipements chez Poly-\u00c9quipements.\" \/>\n<meta name=\"robots\" content=\"index, follow, max-snippet:-1, max-image-preview:large, max-video-preview:-1\" \/>\n<link rel=\"canonical\" href=\"https:\/\/www.sp-equipements.com\/site\/conditions-generales-de-location\/\" \/>\n<meta property=\"og:locale\" content=\"fr_FR\" \/>\n<meta property=\"og:type\" content=\"article\" \/>\n<meta property=\"og:title\" content=\"Conditions g\u00e9n\u00e9rales de location - SP \u00c9quipements\" \/>\n<meta property=\"og:description\" content=\"Consultez nos conditions g\u00e9n\u00e9rales de location afin d&#039;obtenir plus d&#039;informations sur la location des \u00e9quipements chez Poly-\u00c9quipements.\" \/>\n<meta property=\"og:url\" content=\"https:\/\/www.sp-equipements.com\/site\/conditions-generales-de-location\/\" \/>\n<meta property=\"og:site_name\" content=\"SP \u00c9quipements\" \/>\n<meta property=\"article:modified_time\" content=\"2022-10-03T14:19:08+00:00\" \/>\n<meta name=\"twitter:card\" content=\"summary_large_image\" \/>\n<meta name=\"twitter:label1\" content=\"Dur\u00e9e de lecture estim\u00e9e\" \/>\n\t<meta name=\"twitter:data1\" content=\"5 minutes\" \/>\n<script type=\"application\/ld+json\" class=\"yoast-schema-graph\">{\"@context\":\"https:\/\/schema.org\",\"@graph\":[{\"@type\":\"WebPage\",\"@id\":\"https:\/\/www.sp-equipements.com\/site\/conditions-generales-de-location\/\",\"url\":\"https:\/\/www.sp-equipements.com\/site\/conditions-generales-de-location\/\",\"name\":\"Conditions g\u00e9n\u00e9rales de location - SP \u00c9quipements\",\"isPartOf\":{\"@id\":\"https:\/\/www.sp-equipements.com\/site\/#website\"},\"datePublished\":\"2019-05-18T16:57:52+00:00\",\"dateModified\":\"2022-10-03T14:19:08+00:00\",\"description\":\"Consultez nos conditions g\u00e9n\u00e9rales de location afin d'obtenir plus d'informations sur la location des \u00e9quipements chez Poly-\u00c9quipements.\",\"breadcrumb\":{\"@id\":\"https:\/\/www.sp-equipements.com\/site\/conditions-generales-de-location\/#breadcrumb\"},\"inLanguage\":\"fr-FR\",\"potentialAction\":[{\"@type\":\"ReadAction\",\"target\":[\"https:\/\/www.sp-equipements.com\/site\/conditions-generales-de-location\/\"]}]},{\"@type\":\"BreadcrumbList\",\"@id\":\"https:\/\/www.sp-equipements.com\/site\/conditions-generales-de-location\/#breadcrumb\",\"itemListElement\":[{\"@type\":\"ListItem\",\"position\":1,\"name\":\"Accueil\",\"item\":\"https:\/\/www.sp-equipements.com\/site\/\"},{\"@type\":\"ListItem\",\"position\":2,\"name\":\"Conditions g\u00e9n\u00e9rales de location\"}]},{\"@type\":\"WebSite\",\"@id\":\"https:\/\/www.sp-equipements.com\/site\/#website\",\"url\":\"https:\/\/www.sp-equipements.com\/site\/\",\"name\":\"SP \u00c9quipements\",\"description\":\"\u00c9quipements de collectivit\u00e9s\",\"potentialAction\":[{\"@type\":\"SearchAction\",\"target\":{\"@type\":\"EntryPoint\",\"urlTemplate\":\"https:\/\/www.sp-equipements.com\/site\/?s={search_term_string}\"},\"query-input\":\"required name=search_term_string\"}],\"inLanguage\":\"fr-FR\"}]}<\/script>\n<!-- \/ Yoast SEO plugin. -->","yoast_head_json":{"title":"Conditions g\u00e9n\u00e9rales de location - SP \u00c9quipements","description":"Consultez nos conditions g\u00e9n\u00e9rales de location afin d'obtenir plus d'informations sur la location des \u00e9quipements chez Poly-\u00c9quipements.","robots":{"index":"index","follow":"follow","max-snippet":"max-snippet:-1","max-image-preview":"max-image-preview:large","max-video-preview":"max-video-preview:-1"},"canonical":"https:\/\/www.sp-equipements.com\/site\/conditions-generales-de-location\/","og_locale":"fr_FR","og_type":"article","og_title":"Conditions g\u00e9n\u00e9rales de location - SP \u00c9quipements","og_description":"Consultez nos conditions g\u00e9n\u00e9rales de location afin d'obtenir plus d'informations sur la location des \u00e9quipements chez Poly-\u00c9quipements.","og_url":"https:\/\/www.sp-equipements.com\/site\/conditions-generales-de-location\/","og_site_name":"SP \u00c9quipements","article_modified_time":"2022-10-03T14:19:08+00:00","twitter_card":"summary_large_image","twitter_misc":{"Dur\u00e9e de lecture estim\u00e9e":"5 minutes"},"schema":{"@context":"https:\/\/schema.org","@graph":[{"@type":"WebPage","@id":"https:\/\/www.sp-equipements.com\/site\/conditions-generales-de-location\/","url":"https:\/\/www.sp-equipements.com\/site\/conditions-generales-de-location\/","name":"Conditions g\u00e9n\u00e9rales de location - SP \u00c9quipements","isPartOf":{"@id":"https:\/\/www.sp-equipements.com\/site\/#website"},"datePublished":"2019-05-18T16:57:52+00:00","dateModified":"2022-10-03T14:19:08+00:00","description":"Consultez nos conditions g\u00e9n\u00e9rales de location afin d'obtenir plus d'informations sur la location des \u00e9quipements chez Poly-\u00c9quipements.","breadcrumb":{"@id":"https:\/\/www.sp-equipements.com\/site\/conditions-generales-de-location\/#breadcrumb"},"inLanguage":"fr-FR","potentialAction":[{"@type":"ReadAction","target":["https:\/\/www.sp-equipements.com\/site\/conditions-generales-de-location\/"]}]},{"@type":"BreadcrumbList","@id":"https:\/\/www.sp-equipements.com\/site\/conditions-generales-de-location\/#breadcrumb","itemListElement":[{"@type":"ListItem","position":1,"name":"Accueil","item":"https:\/\/www.sp-equipements.com\/site\/"},{"@type":"ListItem","position":2,"name":"Conditions g\u00e9n\u00e9rales de location"}]},{"@type":"WebSite","@id":"https:\/\/www.sp-equipements.com\/site\/#website","url":"https:\/\/www.sp-equipements.com\/site\/","name":"SP \u00c9quipements","description":"\u00c9quipements de collectivit\u00e9s","potentialAction":[{"@type":"SearchAction","target":{"@type":"EntryPoint","urlTemplate":"https:\/\/www.sp-equipements.com\/site\/?s={search_term_string}"},"query-input":"required name=search_term_string"}],"inLanguage":"fr-FR"}]}},"_links":{"self":[{"href":"https:\/\/www.sp-equipements.com\/site\/wp-json\/wp\/v2\/pages\/19731"}],"collection":[{"href":"https:\/\/www.sp-equipements.com\/site\/wp-json\/wp\/v2\/pages"}],"about":[{"href":"https:\/\/www.sp-equipements.com\/site\/wp-json\/wp\/v2\/types\/page"}],"author":[{"embeddable":true,"href":"https:\/\/www.sp-equipements.com\/site\/wp-json\/wp\/v2\/users\/1"}],"replies":[{"embeddable":true,"href":"https:\/\/www.sp-equipements.com\/site\/wp-json\/wp\/v2\/comments?post=19731"}],"version-history":[{"count":3,"href":"https:\/\/www.sp-equipements.com\/site\/wp-json\/wp\/v2\/pages\/19731\/revisions"}],"predecessor-version":[{"id":38569,"href":"https:\/\/www.sp-equipements.com\/site\/wp-json\/wp\/v2\/pages\/19731\/revisions\/38569"}],"wp:attachment":[{"href":"https:\/\/www.sp-equipements.com\/site\/wp-json\/wp\/v2\/media?parent=19731"}],"curies":[{"name":"wp","href":"https:\/\/api.w.org\/{rel}","templated":true}]}}