{"id":20476,"date":"2019-06-05T11:51:04","date_gmt":"2019-06-05T09:51:04","guid":{"rendered":"http:\/\/www.polyequipements.com\/produit\/chaise-empilable-denver\/"},"modified":"2023-09-06T23:36:35","modified_gmt":"2023-09-06T21:36:35","slug":"chaise-empilable-denver","status":"publish","type":"product","link":"https:\/\/www.sp-equipements.com\/site\/produit\/chaise-empilable-denver\/","title":{"rendered":"Chaise Empilable DENVER"},"content":{"rendered":"","protected":false},"excerpt":{"rendered":"<p><i><b>Chaise empilable et accrochable DENVER garantie 10 ans.<\/b><\/i><\/p>\n<p>Aussi l\u00e9g\u00e8re que r\u00e9sistante notre chaise DENVER est un produit monobloc en r\u00e9sine de synth\u00e8se. Son aspect gain\u00e9 procure une assise plus confortable et une meilleure r\u00e9sistance aux rayures. Tr\u00e8s faible encombrement. Facilement empilable et stable. <\/p>\n<p> Class\u00e9 non feu M2.<\/p>\n","protected":false},"featured_media":37433,"comment_status":"open","ping_status":"closed","template":"","meta":[],"product_cat":[121,91],"product_tag":[],"yoast_head":"<!-- This site is optimized with the Yoast SEO plugin v22.2 - https:\/\/yoast.com\/wordpress\/plugins\/seo\/ -->\n<title>Chaise Empilable DENVER - SP \u00c9quipements<\/title>\n<meta name=\"robots\" content=\"index, follow, max-snippet:-1, max-image-preview:large, max-video-preview:-1\" \/>\n<link rel=\"canonical\" href=\"https:\/\/www.sp-equipements.com\/site\/produit\/chaise-empilable-denver\/\" \/>\n<meta property=\"og:locale\" content=\"fr_FR\" \/>\n<meta property=\"og:type\" content=\"article\" \/>\n<meta property=\"og:title\" content=\"Chaise Empilable DENVER - SP \u00c9quipements\" \/>\n<meta property=\"og:description\" content=\"Chaise empilable et accrochable DENVER garantie 10 ans.Aussi l\u00e9g\u00e8re que r\u00e9sistante notre chaise DENVER est un produit monobloc en r\u00e9sine de synth\u00e8se. Son aspect gain\u00e9 procure une assise plus confortable et une meilleure r\u00e9sistance aux rayures. Tr\u00e8s faible encombrement. Facilement empilable et stable. Class\u00e9 non feu M2.\" \/>\n<meta property=\"og:url\" content=\"https:\/\/www.sp-equipements.com\/site\/produit\/chaise-empilable-denver\/\" \/>\n<meta property=\"og:site_name\" content=\"SP \u00c9quipements\" \/>\n<meta property=\"article:modified_time\" content=\"2023-09-06T21:36:35+00:00\" \/>\n<meta property=\"og:image\" content=\"https:\/\/www.sp-equipements.com\/site\/wp-content\/uploads\/2019\/06\/chaise_empilable_denver-1.jpg\" \/>\n\t<meta property=\"og:image:width\" content=\"190\" \/>\n\t<meta property=\"og:image:height\" content=\"190\" \/>\n\t<meta property=\"og:image:type\" content=\"image\/jpeg\" \/>\n<meta name=\"twitter:card\" content=\"summary_large_image\" \/>\n<script type=\"application\/ld+json\" class=\"yoast-schema-graph\">{\"@context\":\"https:\/\/schema.org\",\"@graph\":[{\"@type\":\"WebPage\",\"@id\":\"https:\/\/www.sp-equipements.com\/site\/produit\/chaise-empilable-denver\/\",\"url\":\"https:\/\/www.sp-equipements.com\/site\/produit\/chaise-empilable-denver\/\",\"name\":\"Chaise Empilable DENVER - SP \u00c9quipements\",\"isPartOf\":{\"@id\":\"https:\/\/www.sp-equipements.com\/site\/#website\"},\"primaryImageOfPage\":{\"@id\":\"https:\/\/www.sp-equipements.com\/site\/produit\/chaise-empilable-denver\/#primaryimage\"},\"image\":{\"@id\":\"https:\/\/www.sp-equipements.com\/site\/produit\/chaise-empilable-denver\/#primaryimage\"},\"thumbnailUrl\":\"https:\/\/www.sp-equipements.com\/site\/wp-content\/uploads\/2019\/06\/chaise_empilable_denver-1.jpg\",\"datePublished\":\"2019-06-05T09:51:04+00:00\",\"dateModified\":\"2023-09-06T21:36:35+00:00\",\"breadcrumb\":{\"@id\":\"https:\/\/www.sp-equipements.com\/site\/produit\/chaise-empilable-denver\/#breadcrumb\"},\"inLanguage\":\"fr-FR\",\"potentialAction\":[{\"@type\":\"ReadAction\",\"target\":[\"https:\/\/www.sp-equipements.com\/site\/produit\/chaise-empilable-denver\/\"]}]},{\"@type\":\"ImageObject\",\"inLanguage\":\"fr-FR\",\"@id\":\"https:\/\/www.sp-equipements.com\/site\/produit\/chaise-empilable-denver\/#primaryimage\",\"url\":\"https:\/\/www.sp-equipements.com\/site\/wp-content\/uploads\/2019\/06\/chaise_empilable_denver-1.jpg\",\"contentUrl\":\"https:\/\/www.sp-equipements.com\/site\/wp-content\/uploads\/2019\/06\/chaise_empilable_denver-1.jpg\",\"width\":190,\"height\":190,\"caption\":\"chaise empilable denver 1\"},{\"@type\":\"BreadcrumbList\",\"@id\":\"https:\/\/www.sp-equipements.com\/site\/produit\/chaise-empilable-denver\/#breadcrumb\",\"itemListElement\":[{\"@type\":\"ListItem\",\"position\":1,\"name\":\"Accueil\",\"item\":\"https:\/\/www.sp-equipements.com\/site\/\"},{\"@type\":\"ListItem\",\"position\":2,\"name\":\"Catalogue\",\"item\":\"https:\/\/www.sp-equipements.com\/site\/catalogue\/\"},{\"@type\":\"ListItem\",\"position\":3,\"name\":\"Chaise Empilable DENVER\"}]},{\"@type\":\"WebSite\",\"@id\":\"https:\/\/www.sp-equipements.com\/site\/#website\",\"url\":\"https:\/\/www.sp-equipements.com\/site\/\",\"name\":\"SP \u00c9quipements\",\"description\":\"\u00c9quipements de collectivit\u00e9s\",\"potentialAction\":[{\"@type\":\"SearchAction\",\"target\":{\"@type\":\"EntryPoint\",\"urlTemplate\":\"https:\/\/www.sp-equipements.com\/site\/?s={search_term_string}\"},\"query-input\":\"required name=search_term_string\"}],\"inLanguage\":\"fr-FR\"}]}<\/script>\n<!-- \/ Yoast SEO plugin. -->","yoast_head_json":{"title":"Chaise Empilable DENVER - SP \u00c9quipements","robots":{"index":"index","follow":"follow","max-snippet":"max-snippet:-1","max-image-preview":"max-image-preview:large","max-video-preview":"max-video-preview:-1"},"canonical":"https:\/\/www.sp-equipements.com\/site\/produit\/chaise-empilable-denver\/","og_locale":"fr_FR","og_type":"article","og_title":"Chaise Empilable DENVER - SP \u00c9quipements","og_description":"Chaise empilable et accrochable DENVER garantie 10 ans.Aussi l\u00e9g\u00e8re que r\u00e9sistante notre chaise DENVER est un produit monobloc en r\u00e9sine de synth\u00e8se. Son aspect gain\u00e9 procure une assise plus confortable et une meilleure r\u00e9sistance aux rayures. Tr\u00e8s faible encombrement. Facilement empilable et stable. Class\u00e9 non feu M2.","og_url":"https:\/\/www.sp-equipements.com\/site\/produit\/chaise-empilable-denver\/","og_site_name":"SP \u00c9quipements","article_modified_time":"2023-09-06T21:36:35+00:00","og_image":[{"width":190,"height":190,"url":"https:\/\/www.sp-equipements.com\/site\/wp-content\/uploads\/2019\/06\/chaise_empilable_denver-1.jpg","type":"image\/jpeg"}],"twitter_card":"summary_large_image","schema":{"@context":"https:\/\/schema.org","@graph":[{"@type":"WebPage","@id":"https:\/\/www.sp-equipements.com\/site\/produit\/chaise-empilable-denver\/","url":"https:\/\/www.sp-equipements.com\/site\/produit\/chaise-empilable-denver\/","name":"Chaise Empilable DENVER - SP \u00c9quipements","isPartOf":{"@id":"https:\/\/www.sp-equipements.com\/site\/#website"},"primaryImageOfPage":{"@id":"https:\/\/www.sp-equipements.com\/site\/produit\/chaise-empilable-denver\/#primaryimage"},"image":{"@id":"https:\/\/www.sp-equipements.com\/site\/produit\/chaise-empilable-denver\/#primaryimage"},"thumbnailUrl":"https:\/\/www.sp-equipements.com\/site\/wp-content\/uploads\/2019\/06\/chaise_empilable_denver-1.jpg","datePublished":"2019-06-05T09:51:04+00:00","dateModified":"2023-09-06T21:36:35+00:00","breadcrumb":{"@id":"https:\/\/www.sp-equipements.com\/site\/produit\/chaise-empilable-denver\/#breadcrumb"},"inLanguage":"fr-FR","potentialAction":[{"@type":"ReadAction","target":["https:\/\/www.sp-equipements.com\/site\/produit\/chaise-empilable-denver\/"]}]},{"@type":"ImageObject","inLanguage":"fr-FR","@id":"https:\/\/www.sp-equipements.com\/site\/produit\/chaise-empilable-denver\/#primaryimage","url":"https:\/\/www.sp-equipements.com\/site\/wp-content\/uploads\/2019\/06\/chaise_empilable_denver-1.jpg","contentUrl":"https:\/\/www.sp-equipements.com\/site\/wp-content\/uploads\/2019\/06\/chaise_empilable_denver-1.jpg","width":190,"height":190,"caption":"chaise empilable denver 1"},{"@type":"BreadcrumbList","@id":"https:\/\/www.sp-equipements.com\/site\/produit\/chaise-empilable-denver\/#breadcrumb","itemListElement":[{"@type":"ListItem","position":1,"name":"Accueil","item":"https:\/\/www.sp-equipements.com\/site\/"},{"@type":"ListItem","position":2,"name":"Catalogue","item":"https:\/\/www.sp-equipements.com\/site\/catalogue\/"},{"@type":"ListItem","position":3,"name":"Chaise Empilable DENVER"}]},{"@type":"WebSite","@id":"https:\/\/www.sp-equipements.com\/site\/#website","url":"https:\/\/www.sp-equipements.com\/site\/","name":"SP \u00c9quipements","description":"\u00c9quipements de collectivit\u00e9s","potentialAction":[{"@type":"SearchAction","target":{"@type":"EntryPoint","urlTemplate":"https:\/\/www.sp-equipements.com\/site\/?s={search_term_string}"},"query-input":"required name=search_term_string"}],"inLanguage":"fr-FR"}]}},"_links":{"self":[{"href":"https:\/\/www.sp-equipements.com\/site\/wp-json\/wp\/v2\/product\/20476"}],"collection":[{"href":"https:\/\/www.sp-equipements.com\/site\/wp-json\/wp\/v2\/product"}],"about":[{"href":"https:\/\/www.sp-equipements.com\/site\/wp-json\/wp\/v2\/types\/product"}],"replies":[{"embeddable":true,"href":"https:\/\/www.sp-equipements.com\/site\/wp-json\/wp\/v2\/comments?post=20476"}],"wp:featuredmedia":[{"embeddable":true,"href":"https:\/\/www.sp-equipements.com\/site\/wp-json\/wp\/v2\/media\/37433"}],"wp:attachment":[{"href":"https:\/\/www.sp-equipements.com\/site\/wp-json\/wp\/v2\/media?parent=20476"}],"wp:term":[{"taxonomy":"product_cat","embeddable":true,"href":"https:\/\/www.sp-equipements.com\/site\/wp-json\/wp\/v2\/product_cat?post=20476"},{"taxonomy":"product_tag","embeddable":true,"href":"https:\/\/www.sp-equipements.com\/site\/wp-json\/wp\/v2\/product_tag?post=20476"}],"curies":[{"name":"wp","href":"https:\/\/api.w.org\/{rel}","templated":true}]}}