{"id":21706,"date":"2019-06-07T10:13:31","date_gmt":"2019-06-07T08:13:31","guid":{"rendered":"http:\/\/www.polyequipements.com\/produit\/bardage-lateral-pour-abri-cycle-la-paire\/"},"modified":"2019-06-19T15:31:09","modified_gmt":"2019-06-19T13:31:09","slug":"bardage-lateral-pour-abri-cycle-la-paire","status":"publish","type":"product","link":"https:\/\/www.sp-equipements.com\/site\/produit\/bardage-lateral-pour-abri-cycle-la-paire\/","title":{"rendered":"Bardage Lat\u00e9ral pour Abri CYCLE <i>la paire<\/i>"},"content":{"rendered":"","protected":false},"excerpt":{"rendered":"<p><b>Tous les bardages sont en option.<\/b><\/p>\n<p><i>Bardage lat\u00e9ral et bardage de fond sont livr\u00e9s en deux \u00e9l\u00e9ments.<\/i><\/p>\n<p>Cadre r\u00e9alis\u00e9 en profil\u00e9 aluminium, vitrage en polycarbonate alv\u00e9olaire translucide 10 mm trait\u00e9 anti-UV.<\/p>\n","protected":false},"featured_media":37641,"comment_status":"open","ping_status":"closed","template":"","meta":[],"product_cat":[172,100],"product_tag":[],"yoast_head":"<!-- This site is optimized with the Yoast SEO plugin v22.2 - https:\/\/yoast.com\/wordpress\/plugins\/seo\/ -->\n<title>Bardage Lat\u00e9ral pour Abri CYCLE la paire - SP \u00c9quipements<\/title>\n<meta name=\"robots\" content=\"index, follow, max-snippet:-1, max-image-preview:large, max-video-preview:-1\" \/>\n<link rel=\"canonical\" href=\"https:\/\/www.sp-equipements.com\/site\/produit\/bardage-lateral-pour-abri-cycle-la-paire\/\" \/>\n<meta property=\"og:locale\" content=\"fr_FR\" \/>\n<meta property=\"og:type\" content=\"article\" \/>\n<meta property=\"og:title\" content=\"Bardage Lat\u00e9ral pour Abri CYCLE la paire - SP \u00c9quipements\" \/>\n<meta property=\"og:description\" content=\"Tous les bardages sont en option.  Bardage lat\u00e9ral et bardage de fond sont livr\u00e9s en deux \u00e9l\u00e9ments.  Cadre r\u00e9alis\u00e9 en profil\u00e9 aluminium, vitrage en polycarbonate alv\u00e9olaire translucide 10 mm trait\u00e9 anti-UV.\" \/>\n<meta property=\"og:url\" content=\"https:\/\/www.sp-equipements.com\/site\/produit\/bardage-lateral-pour-abri-cycle-la-paire\/\" \/>\n<meta property=\"og:site_name\" content=\"SP \u00c9quipements\" \/>\n<meta property=\"article:modified_time\" content=\"2019-06-19T13:31:09+00:00\" \/>\n<meta property=\"og:image\" content=\"https:\/\/www.sp-equipements.com\/site\/wp-content\/uploads\/2019\/06\/bardage_lateral__fond-1.jpg\" \/>\n\t<meta property=\"og:image:width\" content=\"190\" \/>\n\t<meta property=\"og:image:height\" content=\"190\" \/>\n\t<meta property=\"og:image:type\" content=\"image\/jpeg\" \/>\n<meta name=\"twitter:card\" content=\"summary_large_image\" \/>\n<script type=\"application\/ld+json\" class=\"yoast-schema-graph\">{\"@context\":\"https:\/\/schema.org\",\"@graph\":[{\"@type\":\"WebPage\",\"@id\":\"https:\/\/www.sp-equipements.com\/site\/produit\/bardage-lateral-pour-abri-cycle-la-paire\/\",\"url\":\"https:\/\/www.sp-equipements.com\/site\/produit\/bardage-lateral-pour-abri-cycle-la-paire\/\",\"name\":\"Bardage Lat\u00e9ral pour Abri CYCLE la paire - SP \u00c9quipements\",\"isPartOf\":{\"@id\":\"https:\/\/www.sp-equipements.com\/site\/#website\"},\"primaryImageOfPage\":{\"@id\":\"https:\/\/www.sp-equipements.com\/site\/produit\/bardage-lateral-pour-abri-cycle-la-paire\/#primaryimage\"},\"image\":{\"@id\":\"https:\/\/www.sp-equipements.com\/site\/produit\/bardage-lateral-pour-abri-cycle-la-paire\/#primaryimage\"},\"thumbnailUrl\":\"https:\/\/www.sp-equipements.com\/site\/wp-content\/uploads\/2019\/06\/bardage_lateral__fond-1.jpg\",\"datePublished\":\"2019-06-07T08:13:31+00:00\",\"dateModified\":\"2019-06-19T13:31:09+00:00\",\"breadcrumb\":{\"@id\":\"https:\/\/www.sp-equipements.com\/site\/produit\/bardage-lateral-pour-abri-cycle-la-paire\/#breadcrumb\"},\"inLanguage\":\"fr-FR\",\"potentialAction\":[{\"@type\":\"ReadAction\",\"target\":[\"https:\/\/www.sp-equipements.com\/site\/produit\/bardage-lateral-pour-abri-cycle-la-paire\/\"]}]},{\"@type\":\"ImageObject\",\"inLanguage\":\"fr-FR\",\"@id\":\"https:\/\/www.sp-equipements.com\/site\/produit\/bardage-lateral-pour-abri-cycle-la-paire\/#primaryimage\",\"url\":\"https:\/\/www.sp-equipements.com\/site\/wp-content\/uploads\/2019\/06\/bardage_lateral__fond-1.jpg\",\"contentUrl\":\"https:\/\/www.sp-equipements.com\/site\/wp-content\/uploads\/2019\/06\/bardage_lateral__fond-1.jpg\",\"width\":190,\"height\":190,\"caption\":\"bardage lateral fond 1\"},{\"@type\":\"BreadcrumbList\",\"@id\":\"https:\/\/www.sp-equipements.com\/site\/produit\/bardage-lateral-pour-abri-cycle-la-paire\/#breadcrumb\",\"itemListElement\":[{\"@type\":\"ListItem\",\"position\":1,\"name\":\"Accueil\",\"item\":\"https:\/\/www.sp-equipements.com\/site\/\"},{\"@type\":\"ListItem\",\"position\":2,\"name\":\"Catalogue\",\"item\":\"https:\/\/www.sp-equipements.com\/site\/catalogue\/\"},{\"@type\":\"ListItem\",\"position\":3,\"name\":\"Bardage Lat\u00e9ral pour Abri CYCLE la paire\"}]},{\"@type\":\"WebSite\",\"@id\":\"https:\/\/www.sp-equipements.com\/site\/#website\",\"url\":\"https:\/\/www.sp-equipements.com\/site\/\",\"name\":\"SP \u00c9quipements\",\"description\":\"\u00c9quipements de collectivit\u00e9s\",\"potentialAction\":[{\"@type\":\"SearchAction\",\"target\":{\"@type\":\"EntryPoint\",\"urlTemplate\":\"https:\/\/www.sp-equipements.com\/site\/?s={search_term_string}\"},\"query-input\":\"required name=search_term_string\"}],\"inLanguage\":\"fr-FR\"}]}<\/script>\n<!-- \/ Yoast SEO plugin. -->","yoast_head_json":{"title":"Bardage Lat\u00e9ral pour Abri CYCLE la paire - SP \u00c9quipements","robots":{"index":"index","follow":"follow","max-snippet":"max-snippet:-1","max-image-preview":"max-image-preview:large","max-video-preview":"max-video-preview:-1"},"canonical":"https:\/\/www.sp-equipements.com\/site\/produit\/bardage-lateral-pour-abri-cycle-la-paire\/","og_locale":"fr_FR","og_type":"article","og_title":"Bardage Lat\u00e9ral pour Abri CYCLE la paire - SP \u00c9quipements","og_description":"Tous les bardages sont en option.  Bardage lat\u00e9ral et bardage de fond sont livr\u00e9s en deux \u00e9l\u00e9ments.  Cadre r\u00e9alis\u00e9 en profil\u00e9 aluminium, vitrage en polycarbonate alv\u00e9olaire translucide 10 mm trait\u00e9 anti-UV.","og_url":"https:\/\/www.sp-equipements.com\/site\/produit\/bardage-lateral-pour-abri-cycle-la-paire\/","og_site_name":"SP \u00c9quipements","article_modified_time":"2019-06-19T13:31:09+00:00","og_image":[{"width":190,"height":190,"url":"https:\/\/www.sp-equipements.com\/site\/wp-content\/uploads\/2019\/06\/bardage_lateral__fond-1.jpg","type":"image\/jpeg"}],"twitter_card":"summary_large_image","schema":{"@context":"https:\/\/schema.org","@graph":[{"@type":"WebPage","@id":"https:\/\/www.sp-equipements.com\/site\/produit\/bardage-lateral-pour-abri-cycle-la-paire\/","url":"https:\/\/www.sp-equipements.com\/site\/produit\/bardage-lateral-pour-abri-cycle-la-paire\/","name":"Bardage Lat\u00e9ral pour Abri CYCLE la paire - SP \u00c9quipements","isPartOf":{"@id":"https:\/\/www.sp-equipements.com\/site\/#website"},"primaryImageOfPage":{"@id":"https:\/\/www.sp-equipements.com\/site\/produit\/bardage-lateral-pour-abri-cycle-la-paire\/#primaryimage"},"image":{"@id":"https:\/\/www.sp-equipements.com\/site\/produit\/bardage-lateral-pour-abri-cycle-la-paire\/#primaryimage"},"thumbnailUrl":"https:\/\/www.sp-equipements.com\/site\/wp-content\/uploads\/2019\/06\/bardage_lateral__fond-1.jpg","datePublished":"2019-06-07T08:13:31+00:00","dateModified":"2019-06-19T13:31:09+00:00","breadcrumb":{"@id":"https:\/\/www.sp-equipements.com\/site\/produit\/bardage-lateral-pour-abri-cycle-la-paire\/#breadcrumb"},"inLanguage":"fr-FR","potentialAction":[{"@type":"ReadAction","target":["https:\/\/www.sp-equipements.com\/site\/produit\/bardage-lateral-pour-abri-cycle-la-paire\/"]}]},{"@type":"ImageObject","inLanguage":"fr-FR","@id":"https:\/\/www.sp-equipements.com\/site\/produit\/bardage-lateral-pour-abri-cycle-la-paire\/#primaryimage","url":"https:\/\/www.sp-equipements.com\/site\/wp-content\/uploads\/2019\/06\/bardage_lateral__fond-1.jpg","contentUrl":"https:\/\/www.sp-equipements.com\/site\/wp-content\/uploads\/2019\/06\/bardage_lateral__fond-1.jpg","width":190,"height":190,"caption":"bardage lateral fond 1"},{"@type":"BreadcrumbList","@id":"https:\/\/www.sp-equipements.com\/site\/produit\/bardage-lateral-pour-abri-cycle-la-paire\/#breadcrumb","itemListElement":[{"@type":"ListItem","position":1,"name":"Accueil","item":"https:\/\/www.sp-equipements.com\/site\/"},{"@type":"ListItem","position":2,"name":"Catalogue","item":"https:\/\/www.sp-equipements.com\/site\/catalogue\/"},{"@type":"ListItem","position":3,"name":"Bardage Lat\u00e9ral pour Abri CYCLE la paire"}]},{"@type":"WebSite","@id":"https:\/\/www.sp-equipements.com\/site\/#website","url":"https:\/\/www.sp-equipements.com\/site\/","name":"SP \u00c9quipements","description":"\u00c9quipements de collectivit\u00e9s","potentialAction":[{"@type":"SearchAction","target":{"@type":"EntryPoint","urlTemplate":"https:\/\/www.sp-equipements.com\/site\/?s={search_term_string}"},"query-input":"required name=search_term_string"}],"inLanguage":"fr-FR"}]}},"_links":{"self":[{"href":"https:\/\/www.sp-equipements.com\/site\/wp-json\/wp\/v2\/product\/21706"}],"collection":[{"href":"https:\/\/www.sp-equipements.com\/site\/wp-json\/wp\/v2\/product"}],"about":[{"href":"https:\/\/www.sp-equipements.com\/site\/wp-json\/wp\/v2\/types\/product"}],"replies":[{"embeddable":true,"href":"https:\/\/www.sp-equipements.com\/site\/wp-json\/wp\/v2\/comments?post=21706"}],"wp:featuredmedia":[{"embeddable":true,"href":"https:\/\/www.sp-equipements.com\/site\/wp-json\/wp\/v2\/media\/37641"}],"wp:attachment":[{"href":"https:\/\/www.sp-equipements.com\/site\/wp-json\/wp\/v2\/media?parent=21706"}],"wp:term":[{"taxonomy":"product_cat","embeddable":true,"href":"https:\/\/www.sp-equipements.com\/site\/wp-json\/wp\/v2\/product_cat?post=21706"},{"taxonomy":"product_tag","embeddable":true,"href":"https:\/\/www.sp-equipements.com\/site\/wp-json\/wp\/v2\/product_tag?post=21706"}],"curies":[{"name":"wp","href":"https:\/\/api.w.org\/{rel}","templated":true}]}}